{"id":16,"date":"2014-02-11T15:52:38","date_gmt":"2014-02-11T15:52:38","guid":{"rendered":"http:\/\/holi-in.de\/wordpress_2\/?page_id=16"},"modified":"2020-03-23T10:15:59","modified_gmt":"2020-03-23T10:15:59","slug":"news","status":"publish","type":"page","link":"https:\/\/holi-in.de\/wordpress_2\/news\/","title":{"rendered":"News"},"content":{"rendered":"<h3>23. April 2020<\/h3>\n<h3>Wir kommen wieder&#8230;. Am 23. August 2020 &#8211; SONNTAG &#8211; ist es wieder soweit. \u00a0F\u00fcrstenberg wird zur farbenpr\u00e4chtigsten Stadt n\u00f6rdlich der Alpen&#8230; Ab 13.3o Uhr feiern wir auf der Festwiese am R\u00f6blinsee das 6. Holi. \u00a0Mit am Start&#8230;. DJ NC Chris. \u00a0Wer auch auflegen m\u00f6chte, meldet sich \u00fcber unsere Kontaktseite bei uns. \u00a0Tickets gibt es ab Mai 2020 bei den Touristinfos in F\u00fcrstenberg, Gransee und Zehdenick &#8211; und nat\u00fcrlich <a href=\"https:\/\/www.eventbrite.de\/o\/v-event-gmbh-4595191743\" target=\"_blank\" rel=\"noopener\">online \u00fcber eventbrite<\/a>&#8230; \u00a0Am 22. August 2020 (Samstag) werden wir die HALLI GALLI Drecksau Party feiern&#8230; Ab 20.oo Uhr geht es rund. \u00a0Die besten Songs der Vergangenheit und Gegenwart. \u00a0Party ohne Limit&#8230; \u00a0Wer zu beiden Veranstaltungen m\u00f6chte, kann ich ein &#8222;Kombiticket&#8220; kaufen. und so 20% sparen! Wir freuen uns!<\/h3>\n<h3><span style=\"color: #000000;\">13. Mai 2019<\/span><\/h3>\n<h3><span style=\"color: #000000;\">Wir kommen wieder&#8230;. Am 07. September 2019 &#8211; Samstag &#8211; ist es wieder soweit. \u00a0F\u00fcrstenberg wird zur farbenpr\u00e4chtigsten Stadt n\u00f6rdlich der Alpen&#8230; Ab 14.oo Uhr feiern wir auf der Festwiese am R\u00f6blinsee das 6. Holi. \u00a0Mit am Start&#8230;. DJ NC Chris. \u00a0Wer auch auflegen m\u00f6chte, meldet sich \u00fcber unsere Kontaktseite bei uns. \u00a0Tickets gibt es ab Juni bei den Touristinfos in F\u00fcrstenberg, Gransee und Zehdenick &#8211; und nat\u00fcrlich <a href=\"https:\/\/www.eventbrite.de\/o\/v-event-gmbh-4595191743\" target=\"_blank\" rel=\"noopener\">online \u00fcber eventbrite<\/a>&#8230; \u00a0Wir versuchen noch am Freitag &#8211; 06. September 2019 eine Party am Abend zu veranstalten&#8230; Es liegt derzeit im Rathaus, ob wir die Genehmigung bekommen&#8230;. nun hoffen wir mal&#8230;<\/span><\/h3>\n<h3><span style=\"color: #000000;\">13. Mai 2018<\/span><\/h3>\n<h3><span style=\"color: #000000;\">Die Holi Saison geht wieder weiter &#8230; wir gehen zur\u00fcck zum Anfang und feiern mit Euch wieder auf dem sch\u00f6nsten Festivalgel\u00e4nde n\u00f6rdlich von Berlin. \u00a0Wir kommen \u00a0wieder nach F\u00fcrstenberg \/ Havel. \u00a0Am 01. September 2018<\/span><\/h3>\n<h3><span style=\"color: #000000;\">13. M\u00e4rz 2017<\/span><\/h3>\n<h3><span style=\"color: #000000;\">Die Holi Saison geht wieder weiter&#8230;. <a href=\"http:\/\/www.spiegel.de\/reise\/aktuell\/holi-fruehlingsfest-2017-in-indien-farbschlacht-zum-fruehling-a-1138476.html\" target=\"_blank\" rel=\"noopener\">HIER zum Nachlesen<\/a><\/span><\/h3>\n<h3><span style=\"color: #000000;\">28. August 2016<\/span><\/h3>\n<h3><span style=\"color: #000000;\">Mit gro\u00dfem Bedauern m\u00fcssen wir leider das 3. Holi in Eberswalde am 03. September 2016 im Familiengarten und das erste Holi in Schildow im Freiband am Kiessee am 10.09. \u00a0absagen.<\/span><\/h3>\n<h3><span style=\"color: #000000;\">Produktionstechnische Probleme sowie Probleme mit dem Lieferanten des Farbpulvers Gulal lassen uns diesen Schritt unausweichlich machen.<\/span><\/h3>\n<h3><span style=\"color: #000000;\">Wir bem\u00fchen uns sehr zeitnah das Holi nachzuholen.<\/span><\/h3>\n<h3><span style=\"color: #000000;\">Die Tickets behalten ihre G\u00fcltigkeit. Selbstverst\u00e4ndlich k\u00f6nnen auch die Tickets an den Vorverkaufsstellen zur\u00fcckgegeben werden.<\/span><\/h3>\n<h3><span style=\"color: #000000;\">Den neuen Termin f\u00fcr das Holi werden wir rechtzeitig bekanntgeben.<\/span><\/h3>\n<h3><span style=\"color: #000000;\">15. Jul.\u00a0 2016<\/span><\/h3>\n<h3><span style=\"color: #000000;\">Tickets f\u00fcr das Holi in Schildow gibt es als Hardticket an 4 VVK Stellen! Schaut <a href=\"https:\/\/holi-in.de\/wordpress_2\/tickets\/\">hier<\/a>!!<\/span><\/h3>\n<h3><span style=\"color: #000000;\">06. Jul.\u00a0 2016<\/span><\/h3>\n<h3><span style=\"color: #000000;\">Wir feiern am 10. September ein Holi in Schildow am Kiessee!!! Wir freuen uns \u00fcber eine extrem geile Location!!!<\/span><\/h3>\n<h3><span style=\"color: #000000;\">Wir haben Videos online&#8230;. Schaut auf unsere Facebook Seiten-&#8230;<\/span><\/h3>\n<h3><span style=\"color: #000000;\">15. Jan.\u00a0 2016<\/span><\/h3>\n<h3><span style=\"color: #000000;\">Ein neues Holi kommt hinzu! und ein anderes wird verschoben&#8230; hier die aktuellen Termine:<\/span><\/h3>\n<h3><span style=\"color: #000000;\">04. Juni in F\u00fcrstenberg<\/span><br \/>\n<span style=\"color: #000000;\"> 11. Juni in Malchow<\/span><br \/>\n<span style=\"color: #000000;\"> 03. Sep. in Eberswalde<\/span><\/h3>\n<h3><span style=\"color: #000000;\">10. Dez.\u00a0 2015<\/span><\/h3>\n<h3><span style=\"color: #000000;\">Die Termine f\u00fcr 2016 stehen!<\/span><br \/>\n<span style=\"color: #000000;\"> 11. Juni in F\u00fcrstenberg<\/span><br \/>\n<span style=\"color: #000000;\"> 03. Sep. in Eberswalde!!!<\/span><\/h3>\n<h3><span style=\"color: #000000;\">06. Juli 2015<\/span><\/h3>\n<h3><span style=\"color: #000000;\">Wir auch im Film festgehalten &#8211; bei <a title=\"das Holi in Eberswalde\" href=\"https:\/\/vimeo.com\/132603878\" target=\"_blank\" rel=\"noopener\">bernau.live<\/a> &#8211; auf <a title=\"das Holi in Eberswalde\" href=\"https:\/\/vimeo.com\/132603878\" target=\"_blank\" rel=\"noopener\">vimeo<\/a>&#8230;<\/span><\/h3>\n<h3><span style=\"color: #000000;\">06. Juli 2015<\/span><\/h3>\n<h3><span style=\"color: #000000;\">Wir sind wegen Eberswalde in der Zeitung mit vielen bunten Bildern&#8230;. &#8211; in der <a title=\"das Holi in Eberswalde \" href=\"http:\/\/www.moz.de\/details\/dg\/0\/1\/1403737\/\" target=\"_blank\" rel=\"noopener\">MOZ<\/a><\/span><\/h3>\n<h3><span style=\"color: #000000;\">05. M\u00e4rz 2015<\/span><\/h3>\n<h3><span style=\"color: #000000;\">Schon wieder in der\u00a0 Zeitung!\u00a0 Erkennt sich jemand???<\/span><\/h3>\n<p><span style=\"color: #000000;\"><a href=\"https:\/\/holi-in.de\/wordpress_2\/wp-content\/uploads\/2015\/03\/holi-fuerstenberg-presse-2015-3.jpg\" target=\"_blank\" rel=\"noopener\"><img loading=\"lazy\" class=\"alignnone wp-image-368 size-medium\" title=\"Das Holi in F\u00fcrstenberg\" src=\"https:\/\/holi-in.de\/wordpress_2\/wp-content\/uploads\/2015\/03\/holi-fuerstenberg-presse-2015-3_kl-Kopie-300x34.jpg\" alt=\"holi-fuerstenberg-presse-2015-3_kl Kopie\" width=\"300\" height=\"34\" srcset=\"https:\/\/holi-in.de\/wordpress_2\/wp-content\/uploads\/2015\/03\/holi-fuerstenberg-presse-2015-3_kl-Kopie-300x34.jpg 300w, https:\/\/holi-in.de\/wordpress_2\/wp-content\/uploads\/2015\/03\/holi-fuerstenberg-presse-2015-3_kl-Kopie.jpg 848w\" sizes=\"(max-width: 300px) 100vw, 300px\" \/><\/a><a title=\"Das Holi in F\u00fcrstenberg 2015\" href=\"https:\/\/holi-in.de\/wordpress_2\/wp-content\/uploads\/2015\/03\/holi-fuerstenberg-presse-2015-3.jpg\" target=\"_blank\" rel=\"noopener\"> (KLICK!!!)<\/a><\/span><\/p>\n<h3><span style=\"color: #000000;\">25. Februar 2015<\/span><\/h3>\n<h3><span style=\"color: #000000;\">Wir sind ber\u00fchmt &#8211; wir sind in der Zeitung!!!!<\/span><br \/>\n<span style=\"color: #000000;\"> Guggt ihr &#8211; klick f\u00fcr den ganzen Artikel<\/span><\/h3>\n<p><span style=\"color: #000000;\"><a title=\"holi in f\u00fcrstenberg 2015\" href=\"https:\/\/holi-in.de\/wordpress_2\/wp-content\/uploads\/2015\/02\/holi-fuerstenberg-presse-2015-1.jpg\" target=\"_blank\" rel=\"noopener\"><img loading=\"lazy\" class=\"alignnone size-full wp-image-359\" src=\"https:\/\/holi-in.de\/wordpress_2\/wp-content\/uploads\/2015\/02\/holi-fuerstenberg-presse-2015-1-kl-1.jpg\" alt=\"holi-fuerstenberg-presse-2015-1-kl-1\" width=\"142\" height=\"130\" \/><\/a><\/span><\/p>\n<h3><span style=\"color: #000000;\">03. Dezember 2014<\/span><\/h3>\n<h3><span style=\"color: #000000;\">Das Holi in Eberswalde ist verschoben und wird am 04. Juli stattfinden!<br \/>\n<\/span><\/h3>\n<h3><span style=\"color: #000000;\">24. November 2014<\/span><\/h3>\n<h3><span style=\"color: #000000;\">Der Ticketshop f\u00fcr online Tickets ist online.\u00a0 <a title=\"Tickets f\u00fcr das Holi in F\u00fcrstenberg\" href=\"https:\/\/shop.ticketscript.com\/channel\/web2\/start-order\/rid\/4KM655KA\/language\/de\" target=\"_blank\" rel=\"noopener\">klick hier<\/a> &#8211; oder gehe auch die <a title=\"Tickets\" href=\"https:\/\/holi-in.de\/wordpress_2\/tickets\/\">Ticket Seite<\/a>.\u00a0 Erstmals haben wir f\u00fcr die Sparf\u00fcchse unter Euch ein &#8222;early bird&#8220; Ticket eingerichtet.\u00a0 Das kostet nur 11,99 EUR und ist bis 28. Februar 18.oo uhr erh\u00e4ltlich.\u00a0 Also schnell zuschlagen.<\/span><\/h3>\n<h3><span style=\"color: #000000;\">22. November 2014<\/span><\/h3>\n<h3><span style=\"color: #000000;\">F\u00fcr das Holi in Eberswalde am 20. Juni 2014 suchen wir noch junge DJs die auflegen wollen.\u00a0 Bewerbt Euch einfach \u00fcber unser <a title=\"Kontaktformular\" href=\"https:\/\/holi-in.de\/wordpress_2\/kontakt\/kontaktformular\/\">Kontaktformular<\/a> &#8211; oder per <a title=\"Bewirb Dich als DJ f\u00fcr das Holi in F\u00fcrstenberg 2015\" href=\"mailto:info@holi-in.de\" target=\"_blank\" rel=\"noopener\">info@holi-in.de<\/a>\u00a0 \u00a0 Alle (!!!) Bewerbungen sind gern gesehen.\u00a0 Egal welche Musikrichtung!<\/span><\/h3>\n<h3><span style=\"color: #000000;\">20. November 2014<\/span><\/h3>\n<h3><span style=\"color: #000000;\">F\u00fcr das Holi in F\u00fcrstenberg am 13. Juni 2014 suchen wir noch junge DJs die auflegen wollen.\u00a0 Bewerbt Euch einfach \u00fcber unser <a title=\"Kontaktformular\" href=\"https:\/\/holi-in.de\/wordpress_2\/kontakt\/kontaktformular\/\">Kontaktformular<\/a> &#8211; oder per <a title=\"Bewirb Dich als DJ f\u00fcr das Holi in F\u00fcrstenberg 2015\" href=\"mailto:info@holi-in.de\" target=\"_blank\" rel=\"noopener\">info@holi-in.de<\/a>\u00a0 \u00a0 Alle (!!!) Bewerbungen sind gern gesehen.\u00a0 Egal welche Musikrichtung!<\/span><\/h3>\n<h3><span style=\"color: #000000;\">19. November 2014<\/span><\/h3>\n<h3><span style=\"color: #000000;\">Der Termin f\u00fcr das 2. Holi Festival in Eberswalde steht.\u00a0 Am 20. Juni\u00a0 &#8211; Sonnabend &#8211; startet die Party!\u00a0 Weitere Infos folgen wie immer!\u00a0<\/span><\/h3>\n<h3><span style=\"color: #000000;\">18. November 2014<\/span><\/h3>\n<h3><span style=\"color: #000000;\">Der Ticketshop f\u00fcr online Tickets ist online.\u00a0 <a title=\"Tickets f\u00fcr das Holi in F\u00fcrstenberg\" href=\"https:\/\/shop.ticketscript.com\/channel\/web2\/start-order\/rid\/4KM655KA\/language\/de\" target=\"_blank\" rel=\"noopener\">klick hier<\/a> &#8211; oder gehe auch die <a title=\"Tickets\" href=\"https:\/\/holi-in.de\/wordpress_2\/tickets\/\">Ticket Seite<\/a>.\u00a0 Erstmals haben wir f\u00fcr die Sparf\u00fcchse unter Euch ein &#8222;early bird&#8220; Ticket eingerichtet.\u00a0 Das kostet nur 11,99 EUR und ist bis 28. Februar 18.oo uhr erh\u00e4ltlich.\u00a0 Also schnell zuschlagen.<\/span><\/h3>\n<h3><span style=\"color: #000000;\">11. August 2014<\/span><\/h3>\n<h3><span style=\"color: #000000;\">Leider &#8211; Leider &#8211; wir m\u00fcssen das Holi in J\u00fcterbog leider absagen.\u00a0 Die Farben h\u00e4ngen in Asien beim Zoll fest und uns kann leider keiner garantieren, dass sie p\u00fcnktlich kommen werden.\u00a0 Sie Sache ist uns dann doch zu heikel, dass wir darauf wetten, dass es ankommt&#8230; Wir sind mit Hochdruck auf der Suche nach einem Ersatztermin&#8230; Den werden wir Euch umgehend zukommen lassen &#8211; hier und auf Facebook. Wir sind traurig und sauer!<\/span><\/h3>\n<h3><span style=\"color: #000000;\">25. Juli<\/span><\/h3>\n<h3><span style=\"color: #000000;\">der 13. Juni 2015 ist best\u00e4tigt &#8211; wir feiern das 2. Holi Fest in F\u00fcrstenberg an der Havel.\u00a0 Dieses mal kommt noch eine After-Show Party dazu &#8222;Sunglasses @ Night&#8220; gefeiert wird bis zum bitteren Ende!<\/span><\/h3>\n<h3><span style=\"color: #000000;\">24. Juli<\/span><\/h3>\n<h3><span style=\"color: #000000;\">Wir feiern in Wittenberg ein wenig l\u00e4nger&#8230; Das Holi geht bis 22.oo Uhr &#8211; und danach ist &#8222;After Show Party&#8220; Sunglasses @ Night&#8220; &#8211; Party open end! Tickets \/wer nur dahin m\u00f6chte\/ an der Abendkasse<\/span><\/h3>\n<h3><span style=\"color: #000000;\">26. Juni 2014<\/span><\/h3>\n<h3><span style=\"color: #000000;\">Der Gewinner f\u00fcr Eberswalde steht fest.\u00a0 Es wird auch LaVico auflegen! Herzlichen Gl\u00fcckwunsch.\u00a0 Ihr k\u00f6nnt ihn auch besuchen &#8211; <a title=\"Tickets f\u00fcr das Holi in Eberswalde\" href=\"https:\/\/www.facebook.com\/La.V.i.Co.1804\" target=\"_blank\" rel=\"noopener\">LaVico @ Facebook<\/a> und auf <a title=\"Tickets f\u00fcr das Holi in J\u00fcterbog\" href=\"https:\/\/soundcloud.com\/lavico\" target=\"_blank\" rel=\"noopener\">Soundcloud <\/a><\/span><\/h3>\n<h3><span style=\"color: #000000;\">25. Juni 2014<\/span><\/h3>\n<h3><span style=\"color: #000000;\">Ab Montag den 30. Juni gibt es an den verschiedensten VVK Stellen die Hard Tickets endlich zu kaufen!<\/span><\/h3>\n<h3><span style=\"color: #000000;\">20. Mai 2014<\/span><\/h3>\n<h3><span style=\"color: #000000;\">Die Termine in J\u00fcterbog (23. August) und Wittenberg (13. September) sind best\u00e4tigt. <\/span><\/h3>\n<h3><span style=\"color: #000000;\">12. 05. 2014<\/span><\/h3>\n<h3><span style=\"color: #000000;\">Farbenrausch am R\u00f6blinsee\u00a0 &#8211; <a title=\"Holi in F\u00fcrstenberg\" href=\"http:\/\/www.moz.de\/artikel-ansicht\/dg\/0\/1\/1278169\">Zeitungsartikel<\/a><\/span><\/h3>\n<h3><span style=\"color: #000000;\">05.05.2014<\/span><\/h3>\n<h3><span style=\"color: #000000;\">Wir haben neue Termine: 23. August Holi in J\u00fcterbog &amp; am 06. September 2014 in Eberswalde<\/span><\/h3>\n<h3><span style=\"color: #000000;\">11.04.2014<\/span><\/h3>\n<h3><span style=\"color: #000000;\">Wir sind jetzt auch bei Spontacts mit dem Holi &#8211; <a title=\"Holi in F\u00fcrstenberg\" href=\"https:\/\/www.spontacts.com\/party\/fuerstenberg-havel\/holi-festival-in-fuerstenberg-havel\" target=\"_blank\" rel=\"noopener\">LINK<\/a>!<\/span><\/h3>\n<h3><span style=\"color: #000000;\">11.04.2014<\/span><\/h3>\n<h3><span style=\"color: #000000;\">wir sind schon wieder in der Zeitung! <a title=\"Holi in F\u00fcrstenberg\" href=\"http:\/\/www.moz.de\/artikel-ansicht\/dg\/0\/1\/1266683\" target=\"_blank\" rel=\"noopener\">MOZ<\/a>!<\/span><\/h3>\n<h3><span style=\"color: #000000;\">10.04.2014<\/span><\/h3>\n<h3><span style=\"color: #000000;\">Unsere Freundin A.N.I.C.E. bei Facebook &#8211; sie legt auf<a title=\"Holi in F\u00fcrstenberg\" href=\" https:\/\/www.facebook.com\/anicedj \" target=\"_blank\" rel=\"noopener\"> https:\/\/www.facebook.com\/anicedj <\/a><\/span><\/h3>\n<h3><span style=\"color: #000000;\">07.04.2014<\/span><\/h3>\n<h3><span style=\"color: #000000;\">Der n\u00e4chste Act ist best\u00e4tigt.\u00a0 David\u00e9 aus Berlin ist am Start!<\/span><\/h3>\n<h3><span style=\"color: #000000;\">31.03.2014<\/span><\/h3>\n<h3><span style=\"color: #000000;\">Hardtickets f\u00fcr das holi in F\u00fcrstenberg gibt es in der Touristinformation (Markt 5 in F\u00fcrstenberg) zu kaufen.\u00a0 Das Farbp\u00e4ckchen gibt es beim Eingang am Tag der Veranstaltung.<\/span><\/h3>\n<h3><span style=\"color: #000000;\">13.03.2014<\/span><\/h3>\n<h3><span style=\"color: #000000;\">Der n\u00e4chste Act ist best\u00e4tigt.\u00a0 J.O.L.E. (John Stanislawski und Lennard Berg) aus F\u00fcrstenberg \/ Havel freuen sich \u00fcber ein Heimspiel bei Euch.\u00a0 <a title=\"J.O.L.E.\" href=\"https:\/\/soundcloud.com\/joleoffical\" target=\"_blank\" rel=\"noopener\">Hier<\/a> gibt es was auf die <a title=\"J.O.L.E.\" href=\"https:\/\/soundcloud.com\/joleoffical\" target=\"_blank\" rel=\"noopener\">Ohren<\/a> von Ihnen.<\/span><\/h3>\n<h3><span style=\"color: #000000;\">05.03.2014<\/span><\/h3>\n<h3><span style=\"color: #000000;\">Der erste Act ist best\u00e4tigt &#8211; DJ A.N.I.C.E. wird das Holi am Samstag in F\u00fcrstenberg begleiten.\u00a0 An Ihrer Seite wird &#8222;David\u00e9 Kundo&#8220; an den Plattentellern stehen.\u00a0 Hier schon mal ein erster <a title=\"A.N.I.C.E.\" href=\"http:\/\/www.youtube.com\/watch?v=KHiCXp3piBs\" target=\"_blank\" rel=\"noopener\">h\u00f6rbarer und sichtbarer Eindruck<\/a>.<\/span><\/h3>\n<h3><span style=\"color: #000000;\">22.02.2014<\/span><\/h3>\n<h3><span style=\"color: #000000;\">wir sind in der Zeitung: <a title=\"Holi in F\u00fcrstenberg Havel in der Zeitung\" href=\"http:\/\/www.moz.de\/artikel-ansicht\/dg\/0\/1\/1248994\/\" target=\"_blank\" rel=\"noopener\">MAZ <\/a><\/span><\/h3>\n<h3><span style=\"color: #000000;\">Im Veranstaltungskalender: <a title=\"Holi in F\u00fcrstenberg\" href=\"http:\/\/www.fuerstenberger-seenland.de\/veranstaltungen_detail_fue.html?&amp;tx_cal_controller%5Bgetdate%5D=20140510&amp;tx_cal_controller%5Bview%5D=event&amp;tx_cal_controller%5Btype%5D=tx_cal_phpicalendar&amp;tx_cal_controller%5Buid%5D=1406&amp;tx_cal_controller%5Blastview%5D=view-list%7Cpage_id-258%7Coffset-1&amp;cHash=dc5d59675e4ec87dd9cd1e58af7228cb\" target=\"_blank\" rel=\"noopener\">F\u00fcrstenberger Seenland<\/a> &amp; <a title=\"Holi in F\u00fcrstenberg\" href=\"http:\/\/venyoo.de\/veranstaltung\/s895155-holi-infuerstenberg#12688266\" target=\"_blank\" rel=\"noopener\">Venyoo<\/a><\/span><\/h3>\n<h3><span style=\"color: #000000;\">und dann noch in der <a title=\"Holi in F\u00fcrstenberg\" href=\"http:\/\/www.moz.de\/artikel-ansicht\/dg\/0\/1\/1248994\" target=\"_blank\" rel=\"noopener\">MOZ<\/a><\/span><\/h3>\n<h3><span style=\"color: #000000;\">21.01.2014<\/span><\/h3>\n<h3><span style=\"color: #000000;\">Unsere <a title=\"Holi in F\u00fcrstenberg\" href=\"https:\/\/www.facebook.com\/pages\/Holi-in-F\u00fcrstenberg\/829410260418657 \" target=\"_blank\" rel=\"noopener\">Facebook Seite<\/a> f\u00fcr das Holi in F\u00fcrstenberg ist am Start! check it out &amp; like it &#8211; <a href=\"https:\/\/www.facebook.com\/pages\/Holi-in-F\u00fcrstenberg\/829410260418657 \" target=\"_blank\" rel=\"noopener\"><img loading=\"lazy\" class=\"alignnone wp-image-152\" src=\"https:\/\/holi-in.de\/wordpress_2\/wp-content\/uploads\/2014\/02\/facebook_daumen_hoch_381-300x259.png\" alt=\"facebook_daumen_hoch_381\" width=\"40\" height=\"34\" srcset=\"https:\/\/holi-in.de\/wordpress_2\/wp-content\/uploads\/2014\/02\/facebook_daumen_hoch_381-300x259.png 300w, https:\/\/holi-in.de\/wordpress_2\/wp-content\/uploads\/2014\/02\/facebook_daumen_hoch_381.png 381w\" sizes=\"(max-width: 40px) 100vw, 40px\" \/><\/a> <a title=\"holi in F\u00fcrstenberg Havel auf Facebook\" href=\"https:\/\/www.facebook.com\/pages\/Holi-in-F\u00fcrstenberg\/829410260418657 \" target=\"_blank\" rel=\"noopener\">https:\/\/www.facebook.com\/pages\/Holi-in-F\u00fcrstenberg\/829410260418657 <\/a><\/span><\/h3>\n<h3><span style=\"color: #000000;\">20.02. 2014<\/span><\/h3>\n<h3><span style=\"color: #000000;\">Der Mietvertrag f\u00fcr F\u00fcrstenberg ist unterschrieben.\u00a0 Es kann losgehen!<\/span><\/h3>\n<h3><span style=\"color: #000000;\">18.02.2014<\/span><\/h3>\n<h3><span style=\"color: #000000;\">Am Donnerstag findet in F\u00fcrstenberg an der Havel (PLZ 16798) die Pressekonferenz f\u00fcr das Holi in F\u00fcrstenberg statt.\u00a0 Wenn unsere Druckerei flei\u00dfig arbeitet werden wir die ersten Plakate mitbringen k\u00f6nnen.<\/span><\/h3>\n<h3><span style=\"color: #000000;\">17.02.2014<\/span><\/h3>\n<h3><span style=\"color: #000000;\">Die Tickets sind nun online erh\u00e4ltlich!<\/span><br \/>\n<span style=\"color: #000000;\"> Siehe SEITE und dann direkt auf den &#8222;Ticket Link gehen&#8220;.\u00a0 Wir haben uns f\u00fcr PAY LOGIC entschieden &#8211;\u00a0 weil sie die fairsten und transparentesten Geb\u00fchren haben.<\/span><\/h3>\n","protected":false},"excerpt":{"rendered":"<p>23. April 2020 Wir kommen wieder&#8230;. Am 23. August 2020 &#8211; SONNTAG &#8211; ist es wieder soweit. \u00a0F\u00fcrstenberg wird zur farbenpr\u00e4chtigsten Stadt n\u00f6rdlich der Alpen&#8230; Ab 13.3o Uhr feiern wir auf der Festwiese am R\u00f6blinsee das 6. Holi. \u00a0Mit am Start&#8230;. DJ NC Chris. \u00a0Wer auch auflegen m\u00f6chte, meldet sich \u00fcber unsere Kontaktseite bei uns. \u00a0Tickets gibt es ab Mai 2020 bei den Touristinfos in F\u00fcrstenberg, Gransee und Zehdenick &#8211; und nat\u00fcrlich online \u00fcber eventbrite&#8230; \u00a0Am 22. August 2020 (Samstag) werden wir die HALLI GALLI Drecksau Party feiern&#8230; Ab 20.oo Uhr geht es rund. \u00a0Die besten Songs der Vergangenheit und Gegenwart. \u00a0Party ohne Limit&#8230; \u00a0Wer zu beiden Veranstaltungen m\u00f6chte, kann&#8230;<\/p>\n<p><a class=\"clear excerptmore button\" href=\"https:\/\/holi-in.de\/wordpress_2\/news\/\">Weiterlesen&#8230; &raquo;<\/a><\/p>\n","protected":false},"author":1,"featured_media":0,"parent":0,"menu_order":0,"comment_status":"open","ping_status":"open","template":"tpl_fullwidth-page.php","meta":[],"yoast_head":"<!-- This site is optimized with the Yoast SEO plugin v19.8 - https:\/\/yoast.com\/wordpress\/plugins\/seo\/ -->\n<title>News, Holi, Festival, Fest der Farbe, Gulal, Berlin, Brandenburg<\/title>\n<meta name=\"description\" content=\"Holi, Festival, Berlin, Brandenburg, Fest der Farben, Gulal, DJ, DJane, Holi Fest, Tickets, online, VVK, Vorverkauf, Facebook, Deutschland, Holi Party, bunt\" \/>\n<meta name=\"robots\" content=\"index, follow, max-snippet:-1, max-image-preview:large, max-video-preview:-1\" \/>\n<link rel=\"canonical\" href=\"https:\/\/holi-in.de\/wordpress_2\/news\/\" \/>\n<meta property=\"og:locale\" content=\"de_DE\" \/>\n<meta property=\"og:type\" content=\"article\" \/>\n<meta property=\"og:title\" content=\"News, Holi, Festival, Fest der Farbe, Gulal, Berlin, Brandenburg\" \/>\n<meta property=\"og:description\" content=\"Holi, Festival, Berlin, Brandenburg, Fest der Farben, Gulal, DJ, DJane, Holi Fest, Tickets, online, VVK, Vorverkauf, Facebook, Deutschland, Holi Party, bunt\" \/>\n<meta property=\"og:url\" content=\"https:\/\/holi-in.de\/wordpress_2\/news\/\" \/>\n<meta property=\"og:site_name\" content=\"23.08.2020 - Holi in F\u00fcrstenberg\" \/>\n<meta property=\"article:modified_time\" content=\"2020-03-23T10:15:59+00:00\" \/>\n<meta property=\"og:image\" content=\"http:\/\/holi-in.de\/wordpress_2\/wp-content\/uploads\/2015\/03\/holi-fuerstenberg-presse-2015-3_kl-Kopie-300x34.jpg\" \/>\n<meta name=\"twitter:label1\" content=\"Gesch\u00e4tzte Lesezeit\" \/>\n\t<meta name=\"twitter:data1\" content=\"6\u00a0Minuten\" \/>\n<script type=\"application\/ld+json\" class=\"yoast-schema-graph\">{\"@context\":\"https:\/\/schema.org\",\"@graph\":[{\"@type\":\"WebPage\",\"@id\":\"https:\/\/holi-in.de\/wordpress_2\/news\/\",\"url\":\"https:\/\/holi-in.de\/wordpress_2\/news\/\",\"name\":\"News, Holi, Festival, Fest der Farbe, Gulal, Berlin, Brandenburg\",\"isPartOf\":{\"@id\":\"https:\/\/holi-in.de\/wordpress_2\/#website\"},\"datePublished\":\"2014-02-11T15:52:38+00:00\",\"dateModified\":\"2020-03-23T10:15:59+00:00\",\"description\":\"Holi, Festival, Berlin, Brandenburg, Fest der Farben, Gulal, DJ, DJane, Holi Fest, Tickets, online, VVK, Vorverkauf, Facebook, Deutschland, Holi Party, bunt\",\"inLanguage\":\"de\",\"potentialAction\":[{\"@type\":\"ReadAction\",\"target\":[\"https:\/\/holi-in.de\/wordpress_2\/news\/\"]}]},{\"@type\":\"WebSite\",\"@id\":\"https:\/\/holi-in.de\/wordpress_2\/#website\",\"url\":\"https:\/\/holi-in.de\/wordpress_2\/\",\"name\":\"23.08.2020 - Holi in F\u00fcrstenberg\",\"description\":\"HOLI IN DEUTSCHLAND - Holifeste\",\"potentialAction\":[{\"@type\":\"SearchAction\",\"target\":{\"@type\":\"EntryPoint\",\"urlTemplate\":\"https:\/\/holi-in.de\/wordpress_2\/?s={search_term_string}\"},\"query-input\":\"required name=search_term_string\"}],\"inLanguage\":\"de\"}]}<\/script>\n<!-- \/ Yoast SEO plugin. -->","yoast_head_json":{"title":"News, Holi, Festival, Fest der Farbe, Gulal, Berlin, Brandenburg","description":"Holi, Festival, Berlin, Brandenburg, Fest der Farben, Gulal, DJ, DJane, Holi Fest, Tickets, online, VVK, Vorverkauf, Facebook, Deutschland, Holi Party, bunt","robots":{"index":"index","follow":"follow","max-snippet":"max-snippet:-1","max-image-preview":"max-image-preview:large","max-video-preview":"max-video-preview:-1"},"canonical":"https:\/\/holi-in.de\/wordpress_2\/news\/","og_locale":"de_DE","og_type":"article","og_title":"News, Holi, Festival, Fest der Farbe, Gulal, Berlin, Brandenburg","og_description":"Holi, Festival, Berlin, Brandenburg, Fest der Farben, Gulal, DJ, DJane, Holi Fest, Tickets, online, VVK, Vorverkauf, Facebook, Deutschland, Holi Party, bunt","og_url":"https:\/\/holi-in.de\/wordpress_2\/news\/","og_site_name":"23.08.2020 - Holi in F\u00fcrstenberg","article_modified_time":"2020-03-23T10:15:59+00:00","og_image":[{"url":"http:\/\/holi-in.de\/wordpress_2\/wp-content\/uploads\/2015\/03\/holi-fuerstenberg-presse-2015-3_kl-Kopie-300x34.jpg"}],"twitter_misc":{"Gesch\u00e4tzte Lesezeit":"6\u00a0Minuten"},"schema":{"@context":"https:\/\/schema.org","@graph":[{"@type":"WebPage","@id":"https:\/\/holi-in.de\/wordpress_2\/news\/","url":"https:\/\/holi-in.de\/wordpress_2\/news\/","name":"News, Holi, Festival, Fest der Farbe, Gulal, Berlin, Brandenburg","isPartOf":{"@id":"https:\/\/holi-in.de\/wordpress_2\/#website"},"datePublished":"2014-02-11T15:52:38+00:00","dateModified":"2020-03-23T10:15:59+00:00","description":"Holi, Festival, Berlin, Brandenburg, Fest der Farben, Gulal, DJ, DJane, Holi Fest, Tickets, online, VVK, Vorverkauf, Facebook, Deutschland, Holi Party, bunt","inLanguage":"de","potentialAction":[{"@type":"ReadAction","target":["https:\/\/holi-in.de\/wordpress_2\/news\/"]}]},{"@type":"WebSite","@id":"https:\/\/holi-in.de\/wordpress_2\/#website","url":"https:\/\/holi-in.de\/wordpress_2\/","name":"23.08.2020 - Holi in F\u00fcrstenberg","description":"HOLI IN DEUTSCHLAND - Holifeste","potentialAction":[{"@type":"SearchAction","target":{"@type":"EntryPoint","urlTemplate":"https:\/\/holi-in.de\/wordpress_2\/?s={search_term_string}"},"query-input":"required name=search_term_string"}],"inLanguage":"de"}]}},"_links":{"self":[{"href":"https:\/\/holi-in.de\/wordpress_2\/wp-json\/wp\/v2\/pages\/16"}],"collection":[{"href":"https:\/\/holi-in.de\/wordpress_2\/wp-json\/wp\/v2\/pages"}],"about":[{"href":"https:\/\/holi-in.de\/wordpress_2\/wp-json\/wp\/v2\/types\/page"}],"author":[{"embeddable":true,"href":"https:\/\/holi-in.de\/wordpress_2\/wp-json\/wp\/v2\/users\/1"}],"replies":[{"embeddable":true,"href":"https:\/\/holi-in.de\/wordpress_2\/wp-json\/wp\/v2\/comments?post=16"}],"version-history":[{"count":57,"href":"https:\/\/holi-in.de\/wordpress_2\/wp-json\/wp\/v2\/pages\/16\/revisions"}],"predecessor-version":[{"id":909,"href":"https:\/\/holi-in.de\/wordpress_2\/wp-json\/wp\/v2\/pages\/16\/revisions\/909"}],"wp:attachment":[{"href":"https:\/\/holi-in.de\/wordpress_2\/wp-json\/wp\/v2\/media?parent=16"}],"curies":[{"name":"wp","href":"https:\/\/api.w.org\/{rel}","templated":true}]}}